 {"id":3851,"date":"2016-05-15T08:34:59","date_gmt":"2016-05-15T06:34:59","guid":{"rendered":"http:\/\/www.canonfreak.se\/?page_id=3851"},"modified":"2016-05-15T08:49:30","modified_gmt":"2016-05-15T06:49:30","slug":"eurovision-village-2016","status":"publish","type":"page","link":"http:\/\/www.canonfreak.se\/sv\/portfolio\/nyhetsbilder\/eurovision-village-2016\/","title":{"rendered":"Eurovision Village 2016"},"content":{"rendered":"<p>Inf\u00f6r 2016 \u00e5r Eurovisionsfestival i Stockholm hade man satsat h\u00e5rt p\u00e5 promotion och bl.a. byggt upp ett Eurovision Villige i Kungstr\u00e4dg\u00e5rden i centrala Stockholm! En event by med scener, restaurangt\u00e4lt och andra f\u00f6retagst\u00e4lt. M\u00e5ste \u00e4nd\u00e5 s\u00e4ga att b\u00e5de sakligt och bokstavligt s\u00e5 stod Sky City Liner i centrum f\u00f6r denna eventstad! Ett tyskt initiativ med en mobil hiss eller snarare ett utsiktstorn p\u00e5 81 meter, d\u00e4r man i en rund bur som rymmer 60 pers f\u00e5r en 360 grader fantastisk utsikt \u00f6ver denna vackra huvudstad. Priset f\u00f6r att njuta av denna utsikt var 11 Euro (drygt 100 sp\u00e4nn) vilket det absolut var v\u00e4rt! Fantastiskt och en chans som jag tog tv\u00e5 g\u00e5nger d\u00e5 det var kanonv\u00e4der n\u00e4stan hela veckan d\u00e5 de var h\u00e4r! ;-)<\/p>","protected":false},"excerpt":{"rendered":"<p>Inf\u00f6r 2016 \u00e5r Eurovisionsfestival i Stockholm hade man satsat h\u00e5rt p\u00e5 promotion och bl.a. byggt upp ett Eurovision Villige i Kungstr\u00e4dg\u00e5rden i centrala Stockholm! En event by med scener, restaurangt\u00e4lt och andra f\u00f6retagst\u00e4lt. M\u00e5ste \u00e4nd\u00e5 s\u00e4ga att b\u00e5de sakligt och bokstavligt s\u00e5 stod Sky City Liner i centrum f\u00f6r denna eventstad! Ett tyskt initiativ med [&hellip;]<\/p>\n","protected":false},"author":1,"featured_media":0,"parent":1046,"menu_order":0,"comment_status":"open","ping_status":"open","template":"template-gallery-masonry-3.php","meta":{"_mi_skip_tracking":false},"yoast_head":"<!-- This site is optimized with the Yoast SEO plugin v16.3 - https:\/\/yoast.com\/wordpress\/plugins\/seo\/ -->\n<meta name=\"robots\" content=\"index, follow, max-snippet:-1, max-image-preview:large, max-video-preview:-1\" \/>\n<link rel=\"canonical\" href=\"http:\/\/www.canonfreak.se\/sv\/portfolio\/nyhetsbilder\/eurovision-village-2016\/\" \/>\n<meta property=\"og:locale\" content=\"sv_SE\" \/>\n<meta property=\"og:type\" content=\"article\" \/>\n<meta property=\"og:title\" content=\"[:sv]Eurovision Village 2016[:] - Canonfreak.se\" \/>\n<meta property=\"og:description\" content=\"Inf\u00f6r 2016 \u00e5r Eurovisionsfestival i Stockholm hade man satsat h\u00e5rt p\u00e5 promotion och bl.a. byggt upp ett Eurovision Villige i Kungstr\u00e4dg\u00e5rden i centrala Stockholm! En event by med scener, restaurangt\u00e4lt och andra f\u00f6retagst\u00e4lt. M\u00e5ste \u00e4nd\u00e5 s\u00e4ga att b\u00e5de sakligt och bokstavligt s\u00e5 stod Sky City Liner i centrum f\u00f6r denna eventstad! Ett tyskt initiativ med [&hellip;]\" \/>\n<meta property=\"og:url\" content=\"http:\/\/www.canonfreak.se\/sv\/portfolio\/nyhetsbilder\/eurovision-village-2016\/\" \/>\n<meta property=\"og:site_name\" content=\"Canonfreak.se\" \/>\n<meta property=\"article:publisher\" content=\"https:\/\/www.facebook.com\/Canonfreak\" \/>\n<meta property=\"article:modified_time\" content=\"2016-05-15T06:49:30+00:00\" \/>\n<meta name=\"twitter:label1\" content=\"Ber\u00e4knad l\u00e4stid\">\n\t<meta name=\"twitter:data1\" content=\"1 minut\">\n<script type=\"application\/ld+json\" class=\"yoast-schema-graph\">{\"@context\":\"https:\/\/schema.org\",\"@graph\":[{\"@type\":\"WebSite\",\"@id\":\"http:\/\/www.canonfreak.se\/sv\/#website\",\"url\":\"http:\/\/www.canonfreak.se\/sv\/\",\"name\":\"Canonfreak.se\",\"description\":\"-Med bilden i centrum.\",\"potentialAction\":[{\"@type\":\"SearchAction\",\"target\":\"http:\/\/www.canonfreak.se\/sv\/?s={search_term_string}\",\"query-input\":\"required name=search_term_string\"}],\"inLanguage\":\"sv-SE\"},{\"@type\":\"WebPage\",\"@id\":\"http:\/\/www.canonfreak.se\/sv\/portfolio\/nyhetsbilder\/eurovision-village-2016\/#webpage\",\"url\":\"http:\/\/www.canonfreak.se\/sv\/portfolio\/nyhetsbilder\/eurovision-village-2016\/\",\"name\":\"[:sv]Eurovision Village 2016[:] - Canonfreak.se\",\"isPartOf\":{\"@id\":\"http:\/\/www.canonfreak.se\/sv\/#website\"},\"datePublished\":\"2016-05-15T06:34:59+00:00\",\"dateModified\":\"2016-05-15T06:49:30+00:00\",\"breadcrumb\":{\"@id\":\"http:\/\/www.canonfreak.se\/sv\/portfolio\/nyhetsbilder\/eurovision-village-2016\/#breadcrumb\"},\"inLanguage\":\"sv-SE\",\"potentialAction\":[{\"@type\":\"ReadAction\",\"target\":[\"http:\/\/www.canonfreak.se\/sv\/portfolio\/nyhetsbilder\/eurovision-village-2016\/\"]}]},{\"@type\":\"BreadcrumbList\",\"@id\":\"http:\/\/www.canonfreak.se\/sv\/portfolio\/nyhetsbilder\/eurovision-village-2016\/#breadcrumb\",\"itemListElement\":[{\"@type\":\"ListItem\",\"position\":1,\"item\":{\"@type\":\"WebPage\",\"@id\":\"http:\/\/www.canonfreak.se\/sv\/\",\"url\":\"http:\/\/www.canonfreak.se\/sv\/\",\"name\":\"Hem\"}},{\"@type\":\"ListItem\",\"position\":2,\"item\":{\"@type\":\"WebPage\",\"@id\":\"http:\/\/www.canonfreak.se\/sv\/portfolio\/\",\"url\":\"http:\/\/www.canonfreak.se\/sv\/portfolio\/\",\"name\":\"Galleries\"}},{\"@type\":\"ListItem\",\"position\":3,\"item\":{\"@type\":\"WebPage\",\"@id\":\"http:\/\/www.canonfreak.se\/portfolio\/nyhetsbilder\/\",\"url\":\"http:\/\/www.canonfreak.se\/portfolio\/nyhetsbilder\/\",\"name\":\"News pictures\"}},{\"@type\":\"ListItem\",\"position\":4,\"item\":{\"@id\":\"http:\/\/www.canonfreak.se\/sv\/portfolio\/nyhetsbilder\/eurovision-village-2016\/#webpage\"}}]}]}<\/script>\n<!-- \/ Yoast SEO plugin. -->","_links":{"self":[{"href":"http:\/\/www.canonfreak.se\/sv\/wp-json\/wp\/v2\/pages\/3851"}],"collection":[{"href":"http:\/\/www.canonfreak.se\/sv\/wp-json\/wp\/v2\/pages"}],"about":[{"href":"http:\/\/www.canonfreak.se\/sv\/wp-json\/wp\/v2\/types\/page"}],"author":[{"embeddable":true,"href":"http:\/\/www.canonfreak.se\/sv\/wp-json\/wp\/v2\/users\/1"}],"replies":[{"embeddable":true,"href":"http:\/\/www.canonfreak.se\/sv\/wp-json\/wp\/v2\/comments?post=3851"}],"version-history":[{"count":2,"href":"http:\/\/www.canonfreak.se\/sv\/wp-json\/wp\/v2\/pages\/3851\/revisions"}],"predecessor-version":[{"id":3870,"href":"http:\/\/www.canonfreak.se\/sv\/wp-json\/wp\/v2\/pages\/3851\/revisions\/3870"}],"up":[{"embeddable":true,"href":"http:\/\/www.canonfreak.se\/sv\/wp-json\/wp\/v2\/pages\/1046"}],"wp:attachment":[{"href":"http:\/\/www.canonfreak.se\/sv\/wp-json\/wp\/v2\/media?parent=3851"}],"curies":[{"name":"wp","href":"https:\/\/api.w.org\/{rel}","templated":true}]}}