 {"id":4128,"date":"2016-08-21T11:16:39","date_gmt":"2016-08-21T09:16:39","guid":{"rendered":"http:\/\/www.canonfreak.se\/?page_id=4128"},"modified":"2016-08-21T16:26:16","modified_gmt":"2016-08-21T14:26:16","slug":"new-york-new-york","status":"publish","type":"page","link":"http:\/\/www.canonfreak.se\/sv\/portfolio\/travel-photo\/usa\/new-york-new-york\/","title":{"rendered":"New York, New York"},"content":{"rendered":"<p>New York, staden som aldrig sover med sin sp\u00e4nnande mix av allt man kan t\u00e4nka sig i denna v\u00e4rld!<\/p>\n<p>&#8221;The vertical city&#8221; visas i detta galleri med arkitektur, turistf\u00e4llor, fantastiska milj\u00f6er och sp\u00e4nnande m\u00e4nniskor.<\/p>\n<p>N\u00e5gra bilder med koppling till staden New York ligger \u00e4ven i mitt galleri om USA d\u00e5 de visar hotellet New York New York i Las Vegas, Nevada.<\/p>\n<p>Men i detta galleri har jag samlat bilder fr\u00e5n en av mina favoritst\u00e4der i v\u00e4rlden&#8230; I<\/p>\n<p>F\u00f6r bildk\u00f6p ring 08-716 96 00 eller maila p\u00e5 bilder@exponera.se<\/p>","protected":false},"excerpt":{"rendered":"<p>New York, staden som aldrig sover med sin sp\u00e4nnande mix av allt man kan t\u00e4nka sig i denna v\u00e4rld! &#8221;The vertical city&#8221; visas i detta galleri med arkitektur, turistf\u00e4llor, fantastiska milj\u00f6er och sp\u00e4nnande m\u00e4nniskor. N\u00e5gra bilder med koppling till staden New York ligger \u00e4ven i mitt galleri om USA d\u00e5 de visar hotellet New York [&hellip;]<\/p>\n","protected":false},"author":1,"featured_media":0,"parent":87,"menu_order":0,"comment_status":"open","ping_status":"open","template":"template-gallery-classic.php","meta":{"_mi_skip_tracking":false},"yoast_head":"<!-- This site is optimized with the Yoast SEO plugin v16.3 - https:\/\/yoast.com\/wordpress\/plugins\/seo\/ -->\n<meta name=\"robots\" content=\"index, follow, max-snippet:-1, max-image-preview:large, max-video-preview:-1\" \/>\n<link rel=\"canonical\" href=\"http:\/\/www.canonfreak.se\/sv\/portfolio\/travel-photo\/usa\/new-york-new-york\/\" \/>\n<meta property=\"og:locale\" content=\"sv_SE\" \/>\n<meta property=\"og:type\" content=\"article\" \/>\n<meta property=\"og:title\" content=\"New York, New York - Canonfreak.se\" \/>\n<meta property=\"og:description\" content=\"New York, staden som aldrig sover med sin sp\u00e4nnande mix av allt man kan t\u00e4nka sig i denna v\u00e4rld! &#8221;The vertical city&#8221; visas i detta galleri med arkitektur, turistf\u00e4llor, fantastiska milj\u00f6er och sp\u00e4nnande m\u00e4nniskor. N\u00e5gra bilder med koppling till staden New York ligger \u00e4ven i mitt galleri om USA d\u00e5 de visar hotellet New York [&hellip;]\" \/>\n<meta property=\"og:url\" content=\"http:\/\/www.canonfreak.se\/sv\/portfolio\/travel-photo\/usa\/new-york-new-york\/\" \/>\n<meta property=\"og:site_name\" content=\"Canonfreak.se\" \/>\n<meta property=\"article:publisher\" content=\"https:\/\/www.facebook.com\/Canonfreak\" \/>\n<meta property=\"article:modified_time\" content=\"2016-08-21T14:26:16+00:00\" \/>\n<meta name=\"twitter:label1\" content=\"Ber\u00e4knad l\u00e4stid\">\n\t<meta name=\"twitter:data1\" content=\"1 minut\">\n<script type=\"application\/ld+json\" class=\"yoast-schema-graph\">{\"@context\":\"https:\/\/schema.org\",\"@graph\":[{\"@type\":\"WebSite\",\"@id\":\"http:\/\/www.canonfreak.se\/sv\/#website\",\"url\":\"http:\/\/www.canonfreak.se\/sv\/\",\"name\":\"Canonfreak.se\",\"description\":\"-Med bilden i centrum.\",\"potentialAction\":[{\"@type\":\"SearchAction\",\"target\":\"http:\/\/www.canonfreak.se\/sv\/?s={search_term_string}\",\"query-input\":\"required name=search_term_string\"}],\"inLanguage\":\"sv-SE\"},{\"@type\":\"WebPage\",\"@id\":\"http:\/\/www.canonfreak.se\/sv\/portfolio\/travel-photo\/usa\/new-york-new-york\/#webpage\",\"url\":\"http:\/\/www.canonfreak.se\/sv\/portfolio\/travel-photo\/usa\/new-york-new-york\/\",\"name\":\"New York, New York - Canonfreak.se\",\"isPartOf\":{\"@id\":\"http:\/\/www.canonfreak.se\/sv\/#website\"},\"datePublished\":\"2016-08-21T09:16:39+00:00\",\"dateModified\":\"2016-08-21T14:26:16+00:00\",\"breadcrumb\":{\"@id\":\"http:\/\/www.canonfreak.se\/sv\/portfolio\/travel-photo\/usa\/new-york-new-york\/#breadcrumb\"},\"inLanguage\":\"sv-SE\",\"potentialAction\":[{\"@type\":\"ReadAction\",\"target\":[\"http:\/\/www.canonfreak.se\/sv\/portfolio\/travel-photo\/usa\/new-york-new-york\/\"]}]},{\"@type\":\"BreadcrumbList\",\"@id\":\"http:\/\/www.canonfreak.se\/sv\/portfolio\/travel-photo\/usa\/new-york-new-york\/#breadcrumb\",\"itemListElement\":[{\"@type\":\"ListItem\",\"position\":1,\"item\":{\"@type\":\"WebPage\",\"@id\":\"http:\/\/www.canonfreak.se\/sv\/\",\"url\":\"http:\/\/www.canonfreak.se\/sv\/\",\"name\":\"Hem\"}},{\"@type\":\"ListItem\",\"position\":2,\"item\":{\"@type\":\"WebPage\",\"@id\":\"http:\/\/www.canonfreak.se\/sv\/portfolio\/\",\"url\":\"http:\/\/www.canonfreak.se\/sv\/portfolio\/\",\"name\":\"Galleries\"}},{\"@type\":\"ListItem\",\"position\":3,\"item\":{\"@type\":\"WebPage\",\"@id\":\"http:\/\/www.canonfreak.se\/sv\/portfolio\/travel-photo\/\",\"url\":\"http:\/\/www.canonfreak.se\/sv\/portfolio\/travel-photo\/\",\"name\":\"Resefotografering\"}},{\"@type\":\"ListItem\",\"position\":4,\"item\":{\"@type\":\"WebPage\",\"@id\":\"https:\/\/www.canonfreak.se\/portfolio\/travel-photo\/usa\/\",\"url\":\"https:\/\/www.canonfreak.se\/portfolio\/travel-photo\/usa\/\",\"name\":\"USA\"}},{\"@type\":\"ListItem\",\"position\":5,\"item\":{\"@id\":\"http:\/\/www.canonfreak.se\/sv\/portfolio\/travel-photo\/usa\/new-york-new-york\/#webpage\"}}]}]}<\/script>\n<!-- \/ Yoast SEO plugin. -->","_links":{"self":[{"href":"http:\/\/www.canonfreak.se\/sv\/wp-json\/wp\/v2\/pages\/4128"}],"collection":[{"href":"http:\/\/www.canonfreak.se\/sv\/wp-json\/wp\/v2\/pages"}],"about":[{"href":"http:\/\/www.canonfreak.se\/sv\/wp-json\/wp\/v2\/types\/page"}],"author":[{"embeddable":true,"href":"http:\/\/www.canonfreak.se\/sv\/wp-json\/wp\/v2\/users\/1"}],"replies":[{"embeddable":true,"href":"http:\/\/www.canonfreak.se\/sv\/wp-json\/wp\/v2\/comments?post=4128"}],"version-history":[{"count":3,"href":"http:\/\/www.canonfreak.se\/sv\/wp-json\/wp\/v2\/pages\/4128\/revisions"}],"predecessor-version":[{"id":4195,"href":"http:\/\/www.canonfreak.se\/sv\/wp-json\/wp\/v2\/pages\/4128\/revisions\/4195"}],"up":[{"embeddable":true,"href":"http:\/\/www.canonfreak.se\/sv\/wp-json\/wp\/v2\/pages\/87"}],"wp:attachment":[{"href":"http:\/\/www.canonfreak.se\/sv\/wp-json\/wp\/v2\/media?parent=4128"}],"curies":[{"name":"wp","href":"https:\/\/api.w.org\/{rel}","templated":true}]}}