 {"id":426,"date":"2014-12-16T14:31:45","date_gmt":"2014-12-16T14:31:45","guid":{"rendered":"http:\/\/test.canonfreak.se.canonfreak.se\/?page_id=426"},"modified":"2015-04-12T22:38:31","modified_gmt":"2015-04-12T20:38:31","slug":"fim-speedway-grand-prix-2014","status":"publish","type":"page","link":"http:\/\/www.canonfreak.se\/sv\/portfolio\/big-events\/fim-speedway-grand-prix-2014\/","title":{"rendered":"FIM Speedway Grand Prix 2014"},"content":{"rendered":"<p>2014 TELEGRA Scandinavian FIM Speedway Grand Prix.<\/p>\n<p>L\u00f6rdagen den 27 September 2014 k\u00f6rdes denna traditionella t\u00e4vling i Friends Arena i Solna. H\u00e4r t\u00e4vlar v\u00e4rldens 15 b\u00e4sta f\u00f6rare i FIM Speedway Grand Prix serien. Fyra v\u00e4rldsm\u00e4stare i form av Tai Woffinden, Chir Holder, Greg Hancock och Nicki Pedersen finns med. Dessutom Svenska f\u00f6rarna Andreas Johnsson och Fredrik Lindgren! Full speed med andra ord! \ud83d\ude09 Jag var ackrediterad fotograf p\u00e5 detta event.<\/p>","protected":false},"excerpt":{"rendered":"<p>2014 TELEGRA Scandinavian FIM Speedway Grand Prix. L\u00f6rdagen den 27 September 2014 k\u00f6rdes denna traditionella t\u00e4vling i Friends Arena i Solna. H\u00e4r t\u00e4vlar v\u00e4rldens 15 b\u00e4sta f\u00f6rare i FIM Speedway Grand Prix serien. Fyra v\u00e4rldsm\u00e4stare i form av Tai Woffinden, Chir Holder, Greg Hancock och Nicki Pedersen finns med. Dessutom Svenska f\u00f6rarna Andreas Johnsson och [&hellip;]<\/p>\n","protected":false},"author":1,"featured_media":0,"parent":77,"menu_order":0,"comment_status":"open","ping_status":"open","template":"template-gallery-masonry-mixed.php","meta":{"_mi_skip_tracking":false},"yoast_head":"<!-- This site is optimized with the Yoast SEO plugin v16.3 - https:\/\/yoast.com\/wordpress\/plugins\/seo\/ -->\n<meta name=\"description\" content=\"speedway,FIM,TEGERA,friends Arena,v\u00e4rldseliten,\" \/>\n<meta name=\"robots\" content=\"index, follow, max-snippet:-1, max-image-preview:large, max-video-preview:-1\" \/>\n<link rel=\"canonical\" href=\"http:\/\/www.canonfreak.se\/portfolio\/big-events\/fim-speedway-grand-prix-2014\/\" \/>\n<meta property=\"og:locale\" content=\"sv_SE\" \/>\n<meta property=\"og:type\" content=\"article\" \/>\n<meta property=\"og:title\" content=\"FIM Speedway Grand Prix 2014FIM Speedway Grand Prix 2014 - Canonfreak.se\" \/>\n<meta property=\"og:description\" content=\"speedway,FIM,TEGERA,friends Arena,v\u00e4rldseliten,\" \/>\n<meta property=\"og:url\" content=\"http:\/\/www.canonfreak.se\/portfolio\/big-events\/fim-speedway-grand-prix-2014\/\" \/>\n<meta property=\"og:site_name\" content=\"Canonfreak.se\" \/>\n<meta property=\"article:publisher\" content=\"https:\/\/www.facebook.com\/Canonfreak\" \/>\n<meta property=\"article:modified_time\" content=\"2015-04-12T20:38:31+00:00\" \/>\n<meta name=\"twitter:label1\" content=\"Ber\u00e4knad l\u00e4stid\">\n\t<meta name=\"twitter:data1\" content=\"1 minut\">\n<script type=\"application\/ld+json\" class=\"yoast-schema-graph\">{\"@context\":\"https:\/\/schema.org\",\"@graph\":[{\"@type\":\"WebSite\",\"@id\":\"http:\/\/www.canonfreak.se\/sv\/#website\",\"url\":\"http:\/\/www.canonfreak.se\/sv\/\",\"name\":\"Canonfreak.se\",\"description\":\"-Med bilden i centrum.\",\"potentialAction\":[{\"@type\":\"SearchAction\",\"target\":\"http:\/\/www.canonfreak.se\/sv\/?s={search_term_string}\",\"query-input\":\"required name=search_term_string\"}],\"inLanguage\":\"sv-SE\"},{\"@type\":\"WebPage\",\"@id\":\"http:\/\/www.canonfreak.se\/portfolio\/big-events\/fim-speedway-grand-prix-2014\/#webpage\",\"url\":\"http:\/\/www.canonfreak.se\/portfolio\/big-events\/fim-speedway-grand-prix-2014\/\",\"name\":\"FIM Speedway Grand Prix 2014FIM Speedway Grand Prix 2014 - Canonfreak.se\",\"isPartOf\":{\"@id\":\"http:\/\/www.canonfreak.se\/sv\/#website\"},\"datePublished\":\"2014-12-16T14:31:45+00:00\",\"dateModified\":\"2015-04-12T20:38:31+00:00\",\"description\":\"speedway,FIM,TEGERA,friends Arena,v\\u00e4rldseliten,\",\"breadcrumb\":{\"@id\":\"http:\/\/www.canonfreak.se\/portfolio\/big-events\/fim-speedway-grand-prix-2014\/#breadcrumb\"},\"inLanguage\":\"sv-SE\",\"potentialAction\":[{\"@type\":\"ReadAction\",\"target\":[\"http:\/\/www.canonfreak.se\/portfolio\/big-events\/fim-speedway-grand-prix-2014\/\"]}]},{\"@type\":\"BreadcrumbList\",\"@id\":\"http:\/\/www.canonfreak.se\/portfolio\/big-events\/fim-speedway-grand-prix-2014\/#breadcrumb\",\"itemListElement\":[{\"@type\":\"ListItem\",\"position\":1,\"item\":{\"@type\":\"WebPage\",\"@id\":\"http:\/\/www.canonfreak.se\/sv\/\",\"url\":\"http:\/\/www.canonfreak.se\/sv\/\",\"name\":\"Hem\"}},{\"@type\":\"ListItem\",\"position\":2,\"item\":{\"@type\":\"WebPage\",\"@id\":\"http:\/\/www.canonfreak.se\/sv\/portfolio\/\",\"url\":\"http:\/\/www.canonfreak.se\/sv\/portfolio\/\",\"name\":\"Galleries\"}},{\"@type\":\"ListItem\",\"position\":3,\"item\":{\"@type\":\"WebPage\",\"@id\":\"http:\/\/www.canonfreak.se\/sv\/portfolio\/big-events\/\",\"url\":\"http:\/\/www.canonfreak.se\/sv\/portfolio\/big-events\/\",\"name\":\"Stora Event\"}},{\"@type\":\"ListItem\",\"position\":4,\"item\":{\"@id\":\"http:\/\/www.canonfreak.se\/portfolio\/big-events\/fim-speedway-grand-prix-2014\/#webpage\"}}]}]}<\/script>\n<!-- \/ Yoast SEO plugin. -->","_links":{"self":[{"href":"http:\/\/www.canonfreak.se\/sv\/wp-json\/wp\/v2\/pages\/426"}],"collection":[{"href":"http:\/\/www.canonfreak.se\/sv\/wp-json\/wp\/v2\/pages"}],"about":[{"href":"http:\/\/www.canonfreak.se\/sv\/wp-json\/wp\/v2\/types\/page"}],"author":[{"embeddable":true,"href":"http:\/\/www.canonfreak.se\/sv\/wp-json\/wp\/v2\/users\/1"}],"replies":[{"embeddable":true,"href":"http:\/\/www.canonfreak.se\/sv\/wp-json\/wp\/v2\/comments?post=426"}],"version-history":[{"count":6,"href":"http:\/\/www.canonfreak.se\/sv\/wp-json\/wp\/v2\/pages\/426\/revisions"}],"predecessor-version":[{"id":1161,"href":"http:\/\/www.canonfreak.se\/sv\/wp-json\/wp\/v2\/pages\/426\/revisions\/1161"}],"up":[{"embeddable":true,"href":"http:\/\/www.canonfreak.se\/sv\/wp-json\/wp\/v2\/pages\/77"}],"wp:attachment":[{"href":"http:\/\/www.canonfreak.se\/sv\/wp-json\/wp\/v2\/media?parent=426"}],"curies":[{"name":"wp","href":"https:\/\/api.w.org\/{rel}","templated":true}]}}