 {"id":4736,"date":"2017-03-25T14:01:36","date_gmt":"2017-03-25T13:01:36","guid":{"rendered":"http:\/\/www.canonfreak.se\/?page_id=4736"},"modified":"2017-03-26T12:13:35","modified_gmt":"2017-03-26T10:13:35","slug":"sverige-vitryssland-20170325","status":"publish","type":"page","link":"http:\/\/www.canonfreak.se\/sv\/portfolio\/sports\/svenska-fotbollslandslaget-herrar\/sverige-vitryssland-20170325\/","title":{"rendered":"Sverige &#8211; Vitryssland 20170325"},"content":{"rendered":"<p>VM-kvalmatch p\u00e5 Friends Arena kl-18.00. Vi kvalspelar allts\u00e5 inf\u00f6r Fotbolls-VM i Ryssland 2018 d\u00e4r Sverige spelar i grupp A. I v\u00e5r grupp spelar Frankrike, Holland, Sverige, Bulgarien,Vitryssland och Luxenburg.<\/p>\n<p>Inf\u00f6r denna match \u00e4r det ocks\u00e5 i den n\u00e4mnda ordningen lagen ligger i gruppen. Det blev en ganska l\u00e4tt match f\u00f6r Sverige som vann med 4-0.<\/p>\n<p>Genom att Sverige vann sin match och Holland f\u00f6rlorade med 2-0 mot Bulgarien, s\u00e5 har Sverige nu tagit andraplatsen i gruppen med 10 po\u00e4ng.<\/p>\n<p>Bilden p\u00e5 den bl\u00e5 postcykeln tog jag f\u00f6r att jag tyckte att denna specialare var en \u00f6verraskning inf\u00f6r matchen. Sv Fotbollf\u00f6rbundet hade n\u00e4mligen kommit \u00f6verens med Postnord om att de skulle cykla in med matchbollen inf\u00f6r matchen.<\/p>\n<p>Sm\u00e5larvigt eller kul f\u00e5r bar och en v\u00e4lja sj\u00e4lv, men det \u00e4r d\u00e4rf\u00f6r jag har den bilden med. Det \u00e4r till stora delar en ungt Svenskt lag, vilket syntes p\u00e5 den l\u00e4ktarsektion d\u00e4r spelarfruar och respektive satt!<\/p>\n<p>Sverige hade v\u00e4l i stort sett kontroll p\u00e5 matchen &#8221;fr\u00e5n start till m\u00e5l&#8221;. \u00c4ven om jag inte tycker man presterar n\u00e5gon s\u00e4rskilt underh\u00e5llande fotboll. Emils Forsberg gjorde 2 av m\u00e5len i kv\u00e4ll och han h\u00f6ll sig framme mycket idag.<\/p>\n<p>\u00c4ven Berg var ganska alert \u00e4ven om jag upplever att han vara ganska passiv under delar av matchen, som n\u00e4r det g\u00e4ller att \u00e5terta bollen eller att s\u00e4tta h\u00f6g press.<\/p>\n<p>Jag tycket det \u00e4r kul att se att Albin Ekdahl hittat sin plats p\u00e5 ett s\u00e4tt som p\u00e5verkar farten i spelet. \u00c4ven Durmaz som jag normalt inte alls rankar som en toppspelare, tycker jag visade tecken p\u00e5 bra speed och lust att komma till avslut.<\/p>\n<p>Det blev i alla fall en \u00f6vertygande seger. Vi klarade oss ganska bra fr\u00e5n bengaler denna match, om vi bortser fr\u00e5n ett tillf\u00e4lle n\u00e4r den lilla Vitryska klacken t\u00e4nde 4-5 st..<\/p>\n<p>Vi s\u00e4ljer redaktionella bilder fr\u00e5n matchen.<\/p>\n<p>Kontakta oss p\u00e5 08-7169600 eller maila till bilder@exponera.se<\/p>","protected":false},"excerpt":{"rendered":"<p>VM-kvalmatch p\u00e5 Friends Arena kl-18.00. Vi kvalspelar allts\u00e5 inf\u00f6r Fotbolls-VM i Ryssland 2018 d\u00e4r Sverige spelar i grupp A. I v\u00e5r grupp spelar Frankrike, Holland, Sverige, Bulgarien,Vitryssland och Luxenburg. Inf\u00f6r denna match \u00e4r det ocks\u00e5 i den n\u00e4mnda ordningen lagen ligger i gruppen. Det blev en ganska l\u00e4tt match f\u00f6r Sverige som vann med 4-0. [&hellip;]<\/p>\n","protected":false},"author":1,"featured_media":0,"parent":1299,"menu_order":0,"comment_status":"closed","ping_status":"closed","template":"template-gallery-masonry-3.php","meta":{"_mi_skip_tracking":false},"yoast_head":"<!-- This site is optimized with the Yoast SEO plugin v16.3 - https:\/\/yoast.com\/wordpress\/plugins\/seo\/ -->\n<meta name=\"robots\" content=\"index, follow, max-snippet:-1, max-image-preview:large, max-video-preview:-1\" \/>\n<link rel=\"canonical\" href=\"http:\/\/www.canonfreak.se\/portfolio\/sports\/svenska-fotbollslandslaget-herrar\/sverige-vitryssland-20170325\/\" \/>\n<meta property=\"og:locale\" content=\"sv_SE\" \/>\n<meta property=\"og:type\" content=\"article\" \/>\n<meta property=\"og:title\" content=\"[:sv]Sverige - Vitryssland 20170325[:] - Canonfreak.se\" \/>\n<meta property=\"og:description\" content=\"VM-kvalmatch p\u00e5 Friends Arena kl-18.00. Vi kvalspelar allts\u00e5 inf\u00f6r Fotbolls-VM i Ryssland 2018 d\u00e4r Sverige spelar i grupp A. I v\u00e5r grupp spelar Frankrike, Holland, Sverige, Bulgarien,Vitryssland och Luxenburg. Inf\u00f6r denna match \u00e4r det ocks\u00e5 i den n\u00e4mnda ordningen lagen ligger i gruppen. Det blev en ganska l\u00e4tt match f\u00f6r Sverige som vann med 4-0. [&hellip;]\" \/>\n<meta property=\"og:url\" content=\"http:\/\/www.canonfreak.se\/portfolio\/sports\/svenska-fotbollslandslaget-herrar\/sverige-vitryssland-20170325\/\" \/>\n<meta property=\"og:site_name\" content=\"Canonfreak.se\" \/>\n<meta property=\"article:publisher\" content=\"https:\/\/www.facebook.com\/Canonfreak\" \/>\n<meta property=\"article:modified_time\" content=\"2017-03-26T10:13:35+00:00\" \/>\n<meta name=\"twitter:label1\" content=\"Ber\u00e4knad l\u00e4stid\">\n\t<meta name=\"twitter:data1\" content=\"2 minuter\">\n<script type=\"application\/ld+json\" class=\"yoast-schema-graph\">{\"@context\":\"https:\/\/schema.org\",\"@graph\":[{\"@type\":\"WebSite\",\"@id\":\"http:\/\/www.canonfreak.se\/sv\/#website\",\"url\":\"http:\/\/www.canonfreak.se\/sv\/\",\"name\":\"Canonfreak.se\",\"description\":\"-Med bilden i centrum.\",\"potentialAction\":[{\"@type\":\"SearchAction\",\"target\":\"http:\/\/www.canonfreak.se\/sv\/?s={search_term_string}\",\"query-input\":\"required name=search_term_string\"}],\"inLanguage\":\"sv-SE\"},{\"@type\":\"WebPage\",\"@id\":\"http:\/\/www.canonfreak.se\/portfolio\/sports\/svenska-fotbollslandslaget-herrar\/sverige-vitryssland-20170325\/#webpage\",\"url\":\"http:\/\/www.canonfreak.se\/portfolio\/sports\/svenska-fotbollslandslaget-herrar\/sverige-vitryssland-20170325\/\",\"name\":\"[:sv]Sverige - Vitryssland 20170325[:] - Canonfreak.se\",\"isPartOf\":{\"@id\":\"http:\/\/www.canonfreak.se\/sv\/#website\"},\"datePublished\":\"2017-03-25T13:01:36+00:00\",\"dateModified\":\"2017-03-26T10:13:35+00:00\",\"breadcrumb\":{\"@id\":\"http:\/\/www.canonfreak.se\/portfolio\/sports\/svenska-fotbollslandslaget-herrar\/sverige-vitryssland-20170325\/#breadcrumb\"},\"inLanguage\":\"sv-SE\",\"potentialAction\":[{\"@type\":\"ReadAction\",\"target\":[\"http:\/\/www.canonfreak.se\/portfolio\/sports\/svenska-fotbollslandslaget-herrar\/sverige-vitryssland-20170325\/\"]}]},{\"@type\":\"BreadcrumbList\",\"@id\":\"http:\/\/www.canonfreak.se\/portfolio\/sports\/svenska-fotbollslandslaget-herrar\/sverige-vitryssland-20170325\/#breadcrumb\",\"itemListElement\":[{\"@type\":\"ListItem\",\"position\":1,\"item\":{\"@type\":\"WebPage\",\"@id\":\"http:\/\/www.canonfreak.se\/sv\/\",\"url\":\"http:\/\/www.canonfreak.se\/sv\/\",\"name\":\"Hem\"}},{\"@type\":\"ListItem\",\"position\":2,\"item\":{\"@type\":\"WebPage\",\"@id\":\"http:\/\/www.canonfreak.se\/sv\/portfolio\/\",\"url\":\"http:\/\/www.canonfreak.se\/sv\/portfolio\/\",\"name\":\"Galleries\"}},{\"@type\":\"ListItem\",\"position\":3,\"item\":{\"@type\":\"WebPage\",\"@id\":\"http:\/\/www.canonfreak.se\/sv\/portfolio\/sports\/\",\"url\":\"http:\/\/www.canonfreak.se\/sv\/portfolio\/sports\/\",\"name\":\"Sports\"}},{\"@type\":\"ListItem\",\"position\":4,\"item\":{\"@type\":\"WebPage\",\"@id\":\"https:\/\/www.canonfreak.se\/portfolio\/sports\/svenska-fotbollslandslaget-herrar\/\",\"url\":\"https:\/\/www.canonfreak.se\/portfolio\/sports\/svenska-fotbollslandslaget-herrar\/\",\"name\":\"Swedish National team, Men\"}},{\"@type\":\"ListItem\",\"position\":5,\"item\":{\"@id\":\"http:\/\/www.canonfreak.se\/portfolio\/sports\/svenska-fotbollslandslaget-herrar\/sverige-vitryssland-20170325\/#webpage\"}}]}]}<\/script>\n<!-- \/ Yoast SEO plugin. -->","_links":{"self":[{"href":"http:\/\/www.canonfreak.se\/sv\/wp-json\/wp\/v2\/pages\/4736"}],"collection":[{"href":"http:\/\/www.canonfreak.se\/sv\/wp-json\/wp\/v2\/pages"}],"about":[{"href":"http:\/\/www.canonfreak.se\/sv\/wp-json\/wp\/v2\/types\/page"}],"author":[{"embeddable":true,"href":"http:\/\/www.canonfreak.se\/sv\/wp-json\/wp\/v2\/users\/1"}],"replies":[{"embeddable":true,"href":"http:\/\/www.canonfreak.se\/sv\/wp-json\/wp\/v2\/comments?post=4736"}],"version-history":[{"count":4,"href":"http:\/\/www.canonfreak.se\/sv\/wp-json\/wp\/v2\/pages\/4736\/revisions"}],"predecessor-version":[{"id":4763,"href":"http:\/\/www.canonfreak.se\/sv\/wp-json\/wp\/v2\/pages\/4736\/revisions\/4763"}],"up":[{"embeddable":true,"href":"http:\/\/www.canonfreak.se\/sv\/wp-json\/wp\/v2\/pages\/1299"}],"wp:attachment":[{"href":"http:\/\/www.canonfreak.se\/sv\/wp-json\/wp\/v2\/media?parent=4736"}],"curies":[{"name":"wp","href":"https:\/\/api.w.org\/{rel}","templated":true}]}}