 {"id":99,"date":"2014-12-10T08:19:07","date_gmt":"2014-12-10T08:19:07","guid":{"rendered":"http:\/\/test.canonfreak.se.canonfreak.se\/?page_id=99"},"modified":"2015-05-21T00:28:30","modified_gmt":"2015-05-20T22:28:30","slug":"about-2","status":"publish","type":"page","link":"https:\/\/www.canonfreak.se\/sv\/about-2\/","title":{"rendered":"Om mig.."},"content":{"rendered":"<p>Jag heter Ola Sk\u00f6ld men kallar mig \u00e4ven f\u00f6r Canonfreak n\u00e4r jag fotograferar. Det beror givetvis p\u00e5 att jag uteslutande anv\u00e4nder Canonutrustning.<\/p>\n<p>Guldmedlem i Canon Professional Service, en tj\u00e4nst som ger professionella Canonanv\u00e4ndare inom fotografi och video information och supporttj\u00e4nster.<\/p>\n<p>Jag \u00e4r innehavare av internationellt Pressleg genom BLF.\u00a0Bildleverant\u00f6rernas F\u00f6rening \u00e4r en branschorganisation f\u00f6r oss som jobbar professionellt med bild, film eller video. BLF \u00e4r remissinstans f\u00f6r nya lagf\u00f6rslag kring upphovsr\u00e4ttsliga fr\u00e5gor.<\/p>\n<p>Mina prim\u00e4ra kameror som jag anv\u00e4nder n\u00e4r jag jobbar med fotografering \u00e4r en Canon 5D Mark III, som &#8221;backupkamera&#8221; har jag \u00e4ven en 5D Mark II, Till detta anv\u00e4nder jag Canons s.k. L-serie p\u00e5 min optik. Det \u00e4r optik med professionell kvalitet, vilket jag tycker k\u00e4nns tryggt. Har \u00e4ven tillg\u00e5ng till studioutrustning f\u00f6r portr\u00e4tt och produktbilder i studio. Jag har pl\u00e5tat v\u00e4ldigt mycket &#8221;live on stage&#8221; allts\u00e5 artistbilder p\u00e5 scen och \u00e4ven sport av olika slag. Men mitt intresse f\u00f6r fotografering har alltf\u00f6r f\u00e5 begr\u00e4nsningar f\u00f6r att kortfattat beskriva dem, s\u00e5 om du beh\u00f6ver bilder s\u00e5 f\u00f6rsl\u00e5r jag att du kontaktar mig..<\/p>\n<p>Event- och Uppdragsfotografering \u00e4r det jag i f\u00f6rsta han jobbar med som fotograf, men \u00e4ven eget bildarkiv finns att tillg\u00e5. ( En del av det finns i Gallerierna p\u00e5 canonfreak.se). Vad inneb\u00e4r d\u00e5 detta? Eventfoto kan i min v\u00e4rld vara allt fr\u00e5n Sm\u00e5 och stora sport och f\u00f6retagsevents, till br\u00f6llop och andra mer personliga tillst\u00e4llningar.<\/p>\n<p>Jag har sorterat bilderna i gallerier f\u00f6r att snabbare hitta det som intresserar en. Om jag har gjort ett fotouppdrag som en eventpl\u00e5tning eller t.ex, ett br\u00f6llop s\u00e5 kommer de bilderna ligga i n\u00e5got av de tre VIP-gallerierna som \u00e4r l\u00e5sta med l\u00f6senord. Det betyder att du som uppdragsgivare f\u00e5r en v\u00e4l skyddad integritet p\u00e5 det material som r\u00f6r ditt event\/ fototillf\u00e4lle.<\/p>\n<p>Canonfreak.se fakturerar genom Exponera Utst\u00e4llningsproduktion AB. Det \u00e4r ett f\u00f6retag som s\u00e4ljer och producerar exponering \/ Utst\u00e4llningsl\u00f6sningar och som jag \u00e4ger och driver sedan 1994. Bolaget har F-skatt. I och med denna koppling kan jag \u00e4ven hj\u00e4lpa till om det finns behov av bilder i stora format, ta g\u00e4rna ett till p\u00e5 f\u00f6retagets hemsida www.exponera.se<\/p>\n<p>Guldmedlem i CPS, Canon Professional Service<\/p>\n<p><a href=\"http:\/\/www.canonfreak.se\/wp-content\/uploads\/2015\/03\/tgp2010_CPSlogo_blackbkg.jpeg\"><img decoding=\"async\" loading=\"lazy\" class=\"alignleft size-medium wp-image-1192\" src=\"http:\/\/www.canonfreak.se\/wp-content\/uploads\/2015\/03\/tgp2010_CPSlogo_blackbkg-300x94.jpeg\" alt=\"tgp2010_CPSlogo_blackbkg\" width=\"300\" height=\"94\" srcset=\"https:\/\/www.canonfreak.se\/wp-content\/uploads\/2015\/03\/tgp2010_CPSlogo_blackbkg-300x94.jpeg 300w, https:\/\/www.canonfreak.se\/wp-content\/uploads\/2015\/03\/tgp2010_CPSlogo_blackbkg-340x107.jpeg 340w, https:\/\/www.canonfreak.se\/wp-content\/uploads\/2015\/03\/tgp2010_CPSlogo_blackbkg-306x96.jpeg 306w, https:\/\/www.canonfreak.se\/wp-content\/uploads\/2015\/03\/tgp2010_CPSlogo_blackbkg-260x81.jpeg 260w, https:\/\/www.canonfreak.se\/wp-content\/uploads\/2015\/03\/tgp2010_CPSlogo_blackbkg.jpeg 600w\" sizes=\"(max-width: 300px) 100vw, 300px\" \/><\/a><\/p>\n<p>Presspass (Fotograf) fr\u00e5n BLF, Bildleverant\u00f6rernas F\u00f6rening.<\/p>\n<p><a href=\"http:\/\/www.canonfreak.se\/wp-content\/uploads\/2014\/12\/Pass-fotograf-web-X-copy.jpg\"><img decoding=\"async\" loading=\"lazy\" class=\"alignleft  wp-image-2130\" src=\"http:\/\/www.canonfreak.se\/wp-content\/uploads\/2014\/12\/Pass-fotograf-web-X-copy.jpg\" alt=\"Pass-fotograf-web-X-copy\" width=\"160\" height=\"101\" \/><\/a><\/p>","protected":false},"excerpt":{"rendered":"<p>Jag heter Ola Sk\u00f6ld men kallar mig \u00e4ven f\u00f6r Canonfreak n\u00e4r jag fotograferar. Det beror givetvis p\u00e5 att jag uteslutande anv\u00e4nder Canonutrustning. Guldmedlem i Canon Professional Service, en tj\u00e4nst som ger professionella Canonanv\u00e4ndare inom fotografi och video information och supporttj\u00e4nster. Jag \u00e4r innehavare av internationellt Pressleg genom BLF.\u00a0Bildleverant\u00f6rernas F\u00f6rening \u00e4r en branschorganisation f\u00f6r oss som [&hellip;]<\/p>\n","protected":false},"author":1,"featured_media":0,"parent":0,"menu_order":0,"comment_status":"open","ping_status":"open","template":"","meta":{"_mi_skip_tracking":false},"yoast_head":"<!-- This site is optimized with the Yoast SEO plugin v16.3 - https:\/\/yoast.com\/wordpress\/plugins\/seo\/ -->\n<meta name=\"robots\" content=\"index, follow, max-snippet:-1, max-image-preview:large, max-video-preview:-1\" \/>\n<link rel=\"canonical\" href=\"https:\/\/www.canonfreak.se\/sv\/about-2\/\" \/>\n<meta property=\"og:locale\" content=\"sv_SE\" \/>\n<meta property=\"og:type\" content=\"article\" \/>\n<meta property=\"og:title\" content=\"[:en]About me..[:sv]Om mig..[:] - Canonfreak.se\" \/>\n<meta property=\"og:description\" content=\"Jag heter Ola Sk\u00f6ld men kallar mig \u00e4ven f\u00f6r Canonfreak n\u00e4r jag fotograferar. Det beror givetvis p\u00e5 att jag uteslutande anv\u00e4nder Canonutrustning. Guldmedlem i Canon Professional Service, en tj\u00e4nst som ger professionella Canonanv\u00e4ndare inom fotografi och video information och supporttj\u00e4nster. Jag \u00e4r innehavare av internationellt Pressleg genom BLF.\u00a0Bildleverant\u00f6rernas F\u00f6rening \u00e4r en branschorganisation f\u00f6r oss som [&hellip;]\" \/>\n<meta property=\"og:url\" content=\"https:\/\/www.canonfreak.se\/sv\/about-2\/\" \/>\n<meta property=\"og:site_name\" content=\"Canonfreak.se\" \/>\n<meta property=\"article:publisher\" content=\"https:\/\/www.facebook.com\/Canonfreak\" \/>\n<meta property=\"article:modified_time\" content=\"2015-05-20T22:28:30+00:00\" \/>\n<meta property=\"og:image\" content=\"http:\/\/www.canonfreak.se\/wp-content\/uploads\/2014\/12\/Pass-fotograf-web-X-copy.jpg\" \/>\n<meta name=\"twitter:label1\" content=\"Ber\u00e4knad l\u00e4stid\">\n\t<meta name=\"twitter:data1\" content=\"3 minuter\">\n<script type=\"application\/ld+json\" class=\"yoast-schema-graph\">{\"@context\":\"https:\/\/schema.org\",\"@graph\":[{\"@type\":\"WebSite\",\"@id\":\"https:\/\/www.canonfreak.se\/sv\/#website\",\"url\":\"https:\/\/www.canonfreak.se\/sv\/\",\"name\":\"Canonfreak.se\",\"description\":\"-Med bilden i centrum.\",\"potentialAction\":[{\"@type\":\"SearchAction\",\"target\":\"https:\/\/www.canonfreak.se\/sv\/?s={search_term_string}\",\"query-input\":\"required name=search_term_string\"}],\"inLanguage\":\"sv-SE\"},{\"@type\":\"ImageObject\",\"@id\":\"https:\/\/www.canonfreak.se\/sv\/about-2\/#primaryimage\",\"inLanguage\":\"sv-SE\",\"url\":\"http:\/\/www.canonfreak.se\/wp-content\/uploads\/2014\/12\/Pass-fotograf-web-X-copy.jpg\",\"contentUrl\":\"http:\/\/www.canonfreak.se\/wp-content\/uploads\/2014\/12\/Pass-fotograf-web-X-copy.jpg\"},{\"@type\":\"WebPage\",\"@id\":\"https:\/\/www.canonfreak.se\/sv\/about-2\/#webpage\",\"url\":\"https:\/\/www.canonfreak.se\/sv\/about-2\/\",\"name\":\"[:en]About me..[:sv]Om mig..[:] - Canonfreak.se\",\"isPartOf\":{\"@id\":\"https:\/\/www.canonfreak.se\/sv\/#website\"},\"primaryImageOfPage\":{\"@id\":\"https:\/\/www.canonfreak.se\/sv\/about-2\/#primaryimage\"},\"datePublished\":\"2014-12-10T08:19:07+00:00\",\"dateModified\":\"2015-05-20T22:28:30+00:00\",\"breadcrumb\":{\"@id\":\"https:\/\/www.canonfreak.se\/sv\/about-2\/#breadcrumb\"},\"inLanguage\":\"sv-SE\",\"potentialAction\":[{\"@type\":\"ReadAction\",\"target\":[\"https:\/\/www.canonfreak.se\/sv\/about-2\/\"]}]},{\"@type\":\"BreadcrumbList\",\"@id\":\"https:\/\/www.canonfreak.se\/sv\/about-2\/#breadcrumb\",\"itemListElement\":[{\"@type\":\"ListItem\",\"position\":1,\"item\":{\"@type\":\"WebPage\",\"@id\":\"https:\/\/www.canonfreak.se\/sv\/\",\"url\":\"https:\/\/www.canonfreak.se\/sv\/\",\"name\":\"Hem\"}},{\"@type\":\"ListItem\",\"position\":2,\"item\":{\"@id\":\"https:\/\/www.canonfreak.se\/sv\/about-2\/#webpage\"}}]}]}<\/script>\n<!-- \/ Yoast SEO plugin. -->","_links":{"self":[{"href":"https:\/\/www.canonfreak.se\/sv\/wp-json\/wp\/v2\/pages\/99"}],"collection":[{"href":"https:\/\/www.canonfreak.se\/sv\/wp-json\/wp\/v2\/pages"}],"about":[{"href":"https:\/\/www.canonfreak.se\/sv\/wp-json\/wp\/v2\/types\/page"}],"author":[{"embeddable":true,"href":"https:\/\/www.canonfreak.se\/sv\/wp-json\/wp\/v2\/users\/1"}],"replies":[{"embeddable":true,"href":"https:\/\/www.canonfreak.se\/sv\/wp-json\/wp\/v2\/comments?post=99"}],"version-history":[{"count":25,"href":"https:\/\/www.canonfreak.se\/sv\/wp-json\/wp\/v2\/pages\/99\/revisions"}],"predecessor-version":[{"id":2134,"href":"https:\/\/www.canonfreak.se\/sv\/wp-json\/wp\/v2\/pages\/99\/revisions\/2134"}],"wp:attachment":[{"href":"https:\/\/www.canonfreak.se\/sv\/wp-json\/wp\/v2\/media?parent=99"}],"curies":[{"name":"wp","href":"https:\/\/api.w.org\/{rel}","templated":true}]}}